{"id":4078,"date":"2018-04-27T10:37:55","date_gmt":"2018-04-27T10:37:55","guid":{"rendered":"https:\/\/optico-demo.pbminfotech.com\/?page_id=4078"},"modified":"2026-02-13T15:44:59","modified_gmt":"2026-02-13T14:44:59","slug":"dienstleistungen","status":"publish","type":"page","link":"https:\/\/www.optique-schanen.lu\/de\/dienstleistungen\/","title":{"rendered":"Dienstleistungen"},"content":{"rendered":"<div class=\"wpb-content-wrapper\" id=\"wpb-content-root\"><p>[vc_row el_class=&#8220;custom-heading&#8220;][vc_column]<div class=\"ts-single-image-wrapper ts_align_center \"><div class=\"ts-single-image-img-w\"><img decoding=\"async\" src=\"https:\/\/www.optique-schanen.lu\/wp-content\/uploads\/2026\/02\/service-optique-schanen-scaled.webp\" class=\"ts-single-image-img\" alt=\"\" \/><\/div><\/div>[vc_raw_html css=&#8220;&#8220; el_class=&#8220;header-text&#8220;]JTNDaDElM0VEaWVuc3RsZWlzdHVuZ2VuJTNDJTJGaDElM0UlMEElM0NoMiUzRSUyME9QVElRVUUlMjBTQ0hBTkVOJTNDJTJGaDIlM0U=[\/vc_raw_html][\/vc_column][\/vc_row][vc_row][vc_column]<div class=\"themestek-boxes themestek-boxes-portfolio themestek-boxes-view-default themestek-boxes-col-three themestek-boxes-sortable-no themestek-boxes-textalign-center themestek-boxes-sortablebutton- services-list\">\r\n\t\t<div class=\"themestek-boxes-inner themestek-boxes-portfolio-inner \">\r\n\t\t\t\r\n\t\t\t<div class=\"row multi-columns-row themestek-boxes-row-wrapper\">\r\n\t\t\t\t<div class=\"ts-box-col-wrapper col-lg-4 col-sm-6 col-md-4 col-xs-12 \"><article class=\"themestek-box themestek-box-portfolio ts-portfoliobox-style-3 ts-hover-style-1 \">\n\t<div class=\"themestek-post-item\">\n\t\t\r\n\t\t<span class=\"themestek-item-thumbnail\">\r\n\t\t\t<span class=\"themestek-item-thumbnail-inner\">\r\n\t\t\t\t<img loading=\"lazy\" decoding=\"async\" width=\"800\" height=\"650\" src=\"https:\/\/www.optique-schanen.lu\/wp-content\/uploads\/2018\/04\/finger-with-contact-lens-blue-800x650.jpg\" class=\"attachment-themestek-img-800x650 size-themestek-img-800x650 wp-post-image\" alt=\"\" data-id=\"6052\" \/>\r\n\t\t\t<\/span>\r\n\t\t<\/span>\t\t<div class=\"themestek-box-content\">\n            <div class=\"themestek-box-content-inner\">\t\t\t  \n\n\t\t\t\t<div class=\"themestek-pf-box-title\">\n\t\t\t\t\t<h3>Kontaktlinsen Anpassung<\/h3>\n\t\t\t\t<\/div>\n\n\t\t\t\t\n\t\t\t\t<div class=\"ts-vc_btn3-container ts-vc_btn3-inline\">\n\t\t\t\t\t<a class=\"ts-vc_general ts-vc_btn3 ts-vc_btn3-size-md ts-vc_btn3-shape-round ts-vc_btn3-weight-yes ts-vc_btn3-style-text  ts-vc_btn3-icon-right ts-vc_btn3-color-skincolor\" href=\"https:\/\/www.optique-schanen.lu\/de\/optometrist-service\/kontaktlinsen-anpassung\/\" title=\"Kontaktlinsen Anpassung\">\n\t\t\t\t\t\tRead More <i class=\"ts-vc_btn3-icon fa fa-arrow-circle-right\"><\/i>\n\t\t\t\t\t<\/a>\n\t\t\t\t<\/div>\n\n\t\t\t<\/div>\t\t\n\t\t<\/div>\n\t<\/div>\n<\/article><\/div><div class=\"ts-box-col-wrapper col-lg-4 col-sm-6 col-md-4 col-xs-12 \"><article class=\"themestek-box themestek-box-portfolio ts-portfoliobox-style-3 ts-hover-style-1 \">\n\t<div class=\"themestek-post-item\">\n\t\t\r\n\t\t<span class=\"themestek-item-thumbnail\">\r\n\t\t\t<span class=\"themestek-item-thumbnail-inner\">\r\n\t\t\t\t<img loading=\"lazy\" decoding=\"async\" width=\"800\" height=\"650\" src=\"https:\/\/www.optique-schanen.lu\/wp-content\/uploads\/2018\/04\/optique-schanen-service-02-800x650.webp\" class=\"attachment-themestek-img-800x650 size-themestek-img-800x650 wp-post-image\" alt=\"Pr\u00e4zsionsbrillen\" data-id=\"7713\" \/>\r\n\t\t\t<\/span>\r\n\t\t<\/span>\t\t<div class=\"themestek-box-content\">\n            <div class=\"themestek-box-content-inner\">\t\t\t  \n\n\t\t\t\t<div class=\"themestek-pf-box-title\">\n\t\t\t\t\t<h3>Pr\u00e4zisions Brillengl\u00e4ser<\/h3>\n\t\t\t\t<\/div>\n\n\t\t\t\t\n\t\t\t\t<div class=\"ts-vc_btn3-container ts-vc_btn3-inline\">\n\t\t\t\t\t<a class=\"ts-vc_general ts-vc_btn3 ts-vc_btn3-size-md ts-vc_btn3-shape-round ts-vc_btn3-weight-yes ts-vc_btn3-style-text  ts-vc_btn3-icon-right ts-vc_btn3-color-skincolor\" href=\"https:\/\/www.optique-schanen.lu\/de\/optometrist-service\/praezisions-brillenglaeser\/\" title=\"Pr\u00e4zisions Brillengl\u00e4ser\">\n\t\t\t\t\t\tRead More <i class=\"ts-vc_btn3-icon fa fa-arrow-circle-right\"><\/i>\n\t\t\t\t\t<\/a>\n\t\t\t\t<\/div>\n\n\t\t\t<\/div>\t\t\n\t\t<\/div>\n\t<\/div>\n<\/article><\/div><div class=\"ts-box-col-wrapper col-lg-4 col-sm-6 col-md-4 col-xs-12 \"><article class=\"themestek-box themestek-box-portfolio ts-portfoliobox-style-3 ts-hover-style-1 \">\n\t<div class=\"themestek-post-item\">\n\t\t\r\n\t\t<span class=\"themestek-item-thumbnail\">\r\n\t\t\t<span class=\"themestek-item-thumbnail-inner\">\r\n\t\t\t\t<img loading=\"lazy\" decoding=\"async\" width=\"800\" height=\"650\" src=\"https:\/\/www.optique-schanen.lu\/wp-content\/uploads\/2018\/04\/optique-schanen-service-03-800x650.webp\" class=\"attachment-themestek-img-800x650 size-themestek-img-800x650 wp-post-image\" alt=\"Bestimmung der Sehkraft\" data-id=\"7719\" \/>\r\n\t\t\t<\/span>\r\n\t\t<\/span>\t\t<div class=\"themestek-box-content\">\n            <div class=\"themestek-box-content-inner\">\t\t\t  \n\n\t\t\t\t<div class=\"themestek-pf-box-title\">\n\t\t\t\t\t<h3>Bestimmung der Sehkraft<\/h3>\n\t\t\t\t<\/div>\n\n\t\t\t\t\n\t\t\t\t<div class=\"ts-vc_btn3-container ts-vc_btn3-inline\">\n\t\t\t\t\t<a class=\"ts-vc_general ts-vc_btn3 ts-vc_btn3-size-md ts-vc_btn3-shape-round ts-vc_btn3-weight-yes ts-vc_btn3-style-text  ts-vc_btn3-icon-right ts-vc_btn3-color-skincolor\" href=\"https:\/\/www.optique-schanen.lu\/de\/optometrist-service\/bestimmung-der-sehkraft\/\" title=\"Bestimmung der Sehkraft\">\n\t\t\t\t\t\tRead More <i class=\"ts-vc_btn3-icon fa fa-arrow-circle-right\"><\/i>\n\t\t\t\t\t<\/a>\n\t\t\t\t<\/div>\n\n\t\t\t<\/div>\t\t\n\t\t<\/div>\n\t<\/div>\n<\/article><\/div><div class=\"ts-box-col-wrapper col-lg-4 col-sm-6 col-md-4 col-xs-12 \"><article class=\"themestek-box themestek-box-portfolio ts-portfoliobox-style-3 ts-hover-style-1 \">\n\t<div class=\"themestek-post-item\">\n\t\t\r\n\t\t<span class=\"themestek-item-thumbnail\">\r\n\t\t\t<span class=\"themestek-item-thumbnail-inner\">\r\n\t\t\t\t<img loading=\"lazy\" decoding=\"async\" width=\"800\" height=\"650\" src=\"https:\/\/www.optique-schanen.lu\/wp-content\/uploads\/2018\/04\/optique-schanen-service-04-800x650.webp\" class=\"attachment-themestek-img-800x650 size-themestek-img-800x650 wp-post-image\" alt=\"i-Profiler\" data-id=\"7716\" \/>\r\n\t\t\t<\/span>\r\n\t\t<\/span>\t\t<div class=\"themestek-box-content\">\n            <div class=\"themestek-box-content-inner\">\t\t\t  \n\n\t\t\t\t<div class=\"themestek-pf-box-title\">\n\t\t\t\t\t<h3>I-Profiler\u00ae Sehanalyse<\/h3>\n\t\t\t\t<\/div>\n\n\t\t\t\t\n\t\t\t\t<div class=\"ts-vc_btn3-container ts-vc_btn3-inline\">\n\t\t\t\t\t<a class=\"ts-vc_general ts-vc_btn3 ts-vc_btn3-size-md ts-vc_btn3-shape-round ts-vc_btn3-weight-yes ts-vc_btn3-style-text  ts-vc_btn3-icon-right ts-vc_btn3-color-skincolor\" href=\"https:\/\/www.optique-schanen.lu\/de\/optometrist-service\/i-profiler-sehanalyse\/\" title=\"I-Profiler\u00ae Sehanalyse\">\n\t\t\t\t\t\tRead More <i class=\"ts-vc_btn3-icon fa fa-arrow-circle-right\"><\/i>\n\t\t\t\t\t<\/a>\n\t\t\t\t<\/div>\n\n\t\t\t<\/div>\t\t\n\t\t<\/div>\n\t<\/div>\n<\/article><\/div><div class=\"ts-box-col-wrapper col-lg-4 col-sm-6 col-md-4 col-xs-12 \"><article class=\"themestek-box themestek-box-portfolio ts-portfoliobox-style-3 ts-hover-style-1 \">\n\t<div class=\"themestek-post-item\">\n\t\t\r\n\t\t<span class=\"themestek-item-thumbnail\">\r\n\t\t\t<span class=\"themestek-item-thumbnail-inner\">\r\n\t\t\t\t<img loading=\"lazy\" decoding=\"async\" width=\"800\" height=\"650\" src=\"https:\/\/www.optique-schanen.lu\/wp-content\/uploads\/2018\/04\/front-view-pair-glasses-hand-800x650.jpg\" class=\"attachment-themestek-img-800x650 size-themestek-img-800x650 wp-post-image\" alt=\"\" data-id=\"6050\" \/>\r\n\t\t\t<\/span>\r\n\t\t<\/span>\t\t<div class=\"themestek-box-content\">\n            <div class=\"themestek-box-content-inner\">\t\t\t  \n\n\t\t\t\t<div class=\"themestek-pf-box-title\">\n\t\t\t\t\t<h3>Brillen &#8211; Liefer &#8211; Service<\/h3>\n\t\t\t\t<\/div>\n\n\t\t\t\t\n\t\t\t\t<div class=\"ts-vc_btn3-container ts-vc_btn3-inline\">\n\t\t\t\t\t<a class=\"ts-vc_general ts-vc_btn3 ts-vc_btn3-size-md ts-vc_btn3-shape-round ts-vc_btn3-weight-yes ts-vc_btn3-style-text  ts-vc_btn3-icon-right ts-vc_btn3-color-skincolor\" href=\"https:\/\/www.optique-schanen.lu\/de\/optometrist-service\/brillen-liefer-service\/\" title=\"Brillen &#8211; Liefer &#8211; Service\">\n\t\t\t\t\t\tRead More <i class=\"ts-vc_btn3-icon fa fa-arrow-circle-right\"><\/i>\n\t\t\t\t\t<\/a>\n\t\t\t\t<\/div>\n\n\t\t\t<\/div>\t\t\n\t\t<\/div>\n\t<\/div>\n<\/article><\/div><div class=\"ts-box-col-wrapper col-lg-4 col-sm-6 col-md-4 col-xs-12 \"><article class=\"themestek-box themestek-box-portfolio ts-portfoliobox-style-3 ts-hover-style-1 \">\n\t<div class=\"themestek-post-item\">\n\t\t\r\n\t\t<span class=\"themestek-item-thumbnail\">\r\n\t\t\t<span class=\"themestek-item-thumbnail-inner\">\r\n\t\t\t\t<img loading=\"lazy\" decoding=\"async\" width=\"800\" height=\"650\" src=\"https:\/\/www.optique-schanen.lu\/wp-content\/uploads\/2018\/02\/3B1A9889-800x650.jpg\" class=\"attachment-themestek-img-800x650 size-themestek-img-800x650 wp-post-image\" alt=\"\" data-id=\"6049\" \/>\r\n\t\t\t<\/span>\r\n\t\t<\/span>\t\t<div class=\"themestek-box-content\">\n            <div class=\"themestek-box-content-inner\">\t\t\t  \n\n\t\t\t\t<div class=\"themestek-pf-box-title\">\n\t\t\t\t\t<h3>Reparaturen<\/h3>\n\t\t\t\t<\/div>\n\n\t\t\t\t\n\t\t\t\t<div class=\"ts-vc_btn3-container ts-vc_btn3-inline\">\n\t\t\t\t\t<a class=\"ts-vc_general ts-vc_btn3 ts-vc_btn3-size-md ts-vc_btn3-shape-round ts-vc_btn3-weight-yes ts-vc_btn3-style-text  ts-vc_btn3-icon-right ts-vc_btn3-color-skincolor\" href=\"https:\/\/www.optique-schanen.lu\/de\/optometrist-service\/reparaturen\/\" title=\"Reparaturen\">\n\t\t\t\t\t\tRead More <i class=\"ts-vc_btn3-icon fa fa-arrow-circle-right\"><\/i>\n\t\t\t\t\t<\/a>\n\t\t\t\t<\/div>\n\n\t\t\t<\/div>\t\t\n\t\t<\/div>\n\t<\/div>\n<\/article><\/div>\r\n\t\t\t<\/div>\r\n\t\t<\/div><!-- .themestek-boxes-inner -->   <\/div><!-- .themestek-boxes -->  [\/vc_column][\/vc_row][vc_row][vc_column][vc_raw_html css=&#8220;&#8220;]JTVCc21hcnRzbGlkZXIzJTIwc2xpZGVyJTNEJTIyMiUyMiU1RA==[\/vc_raw_html][\/vc_column][\/vc_row][vc_row disable_element=&#8220;yes&#8220;][vc_column]<div class=\"themestek-boxes themestek-boxes-client themestek-boxes-view-carousel themestek-boxes-col-five themestek-boxes-sortable-no themestek-boxes-textalign-center themestek-boxes-sortablebutton- ts-boxes-carousel-arrows-above ts-boxes-txtalign-center\" data-ts-speed=\"1500\" data-ts-autoplay=\"1\" data-ts-autoplayspeed=\"4500\" data-ts-loop=\"1\" data-ts-dots=\"0\" data-ts-nav=\"above\" data-ts-centermode=\"0\" data-ts-pauseonfocus=\"1\" data-ts-pauseonhover=\"1\" data-ts-slidestoscroll=\"column\" data-ts-effecttype=\"slide\">\r\n\t\t<div class=\"themestek-boxes-inner themestek-boxes-client-inner \">\r\n\t\t\t\r\n\t\t\t<div class=\"row multi-columns-row themestek-boxes-row-wrapper\">\r\n\t\t\t\t<div class=\"ts-box-col-wrapper col-lg-20percent col-sm-4 col-md-4 col-xs-12 \"><div class=\"ts-client-logo-box-w\">\r\n<div class=\"themestek-box themestek-box-client ts-clientbox-style-1 themestek-box-view-style1 themestek-client-box-view-style1  themestek-clientbox-hover-exists \">\r\n\t\r\n\t\t<span class=\"themestek-item-thumbnail\">\r\n\t\t\t<span class=\"themestek-item-thumbnail-inner\">\r\n\t\t\t\t<img loading=\"lazy\" decoding=\"async\" width=\"75\" height=\"75\" src=\"https:\/\/www.optique-schanen.lu\/wp-content\/uploads\/2023\/02\/zeiss-0.png\" class=\"attachment-full size-full wp-post-image\" alt=\"\" \/>\r\n\t\t\t<\/span>\r\n\t\t<\/span>\t<div class=\"ts-client-box-hover-img\"><img decoding=\"async\" src=\"https:\/\/www.optique-schanen.lu\/wp-content\/uploads\/2023\/02\/zeiss-1.png\" alt=\"Optique Schanen\" \/><\/div><\/div>\r\n<\/div><!-- .ts-client-logo-box-w --> <\/div><div class=\"ts-box-col-wrapper col-lg-20percent col-sm-4 col-md-4 col-xs-12 \"><div class=\"ts-client-logo-box-w\">\r\n<div class=\"themestek-box themestek-box-client ts-clientbox-style-1 themestek-box-view-style1 themestek-client-box-view-style1  themestek-clientbox-hover-exists \">\r\n\t\r\n\t\t<span class=\"themestek-item-thumbnail\">\r\n\t\t\t<span class=\"themestek-item-thumbnail-inner\">\r\n\t\t\t\t<img loading=\"lazy\" decoding=\"async\" width=\"124\" height=\"60\" src=\"https:\/\/www.optique-schanen.lu\/wp-content\/uploads\/2023\/02\/jaguar-0.png\" class=\"attachment-full size-full wp-post-image\" alt=\"\" \/>\r\n\t\t\t<\/span>\r\n\t\t<\/span>\t<div class=\"ts-client-box-hover-img\"><img decoding=\"async\" src=\"https:\/\/www.optique-schanen.lu\/wp-content\/uploads\/2023\/02\/jaguar-1.png\" alt=\"Optique Schanen\" \/><\/div><\/div>\r\n<\/div><!-- .ts-client-logo-box-w --> <\/div><div class=\"ts-box-col-wrapper col-lg-20percent col-sm-4 col-md-4 col-xs-12 \"><div class=\"ts-client-logo-box-w\">\r\n<div class=\"themestek-box themestek-box-client ts-clientbox-style-1 themestek-box-view-style1 themestek-client-box-view-style1  themestek-clientbox-hover-exists \">\r\n\t\r\n\t\t<span class=\"themestek-item-thumbnail\">\r\n\t\t\t<span class=\"themestek-item-thumbnail-inner\">\r\n\t\t\t\t<img loading=\"lazy\" decoding=\"async\" width=\"156\" height=\"50\" src=\"https:\/\/www.optique-schanen.lu\/wp-content\/uploads\/2023\/02\/ana-hickmann-0.png\" class=\"attachment-full size-full wp-post-image\" alt=\"\" \/>\r\n\t\t\t<\/span>\r\n\t\t<\/span>\t<div class=\"ts-client-box-hover-img\"><img decoding=\"async\" src=\"https:\/\/www.optique-schanen.lu\/wp-content\/uploads\/2023\/02\/ana-hickmann-1.png\" alt=\"Optique Schanen\" \/><\/div><\/div>\r\n<\/div><!-- .ts-client-logo-box-w --> <\/div><div class=\"ts-box-col-wrapper col-lg-20percent col-sm-4 col-md-4 col-xs-12 \"><div class=\"ts-client-logo-box-w\">\r\n<div class=\"themestek-box themestek-box-client ts-clientbox-style-1 themestek-box-view-style1 themestek-client-box-view-style1  themestek-clientbox-hover-exists \">\r\n\t\r\n\t\t<span class=\"themestek-item-thumbnail\">\r\n\t\t\t<span class=\"themestek-item-thumbnail-inner\">\r\n\t\t\t\t<img loading=\"lazy\" decoding=\"async\" width=\"124\" height=\"60\" src=\"https:\/\/www.optique-schanen.lu\/wp-content\/uploads\/2023\/02\/tree-spectacle-0.png\" class=\"attachment-full size-full wp-post-image\" alt=\"\" \/>\r\n\t\t\t<\/span>\r\n\t\t<\/span>\t<div class=\"ts-client-box-hover-img\"><img decoding=\"async\" src=\"https:\/\/www.optique-schanen.lu\/wp-content\/uploads\/2023\/02\/tree-spectacle-1.png\" alt=\"Optique Schanen\" \/><\/div><\/div>\r\n<\/div><!-- .ts-client-logo-box-w --> <\/div><div class=\"ts-box-col-wrapper col-lg-20percent col-sm-4 col-md-4 col-xs-12 \"><div class=\"ts-client-logo-box-w\">\r\n<div class=\"themestek-box themestek-box-client ts-clientbox-style-1 themestek-box-view-style1 themestek-client-box-view-style1  themestek-clientbox-hover-exists \">\r\n\t\r\n\t\t<span class=\"themestek-item-thumbnail\">\r\n\t\t\t<span class=\"themestek-item-thumbnail-inner\">\r\n\t\t\t\t<img loading=\"lazy\" decoding=\"async\" width=\"99\" height=\"50\" src=\"https:\/\/www.optique-schanen.lu\/wp-content\/uploads\/2023\/02\/minadi-0.png\" class=\"attachment-full size-full wp-post-image\" alt=\"\" \/>\r\n\t\t\t<\/span>\r\n\t\t<\/span>\t<div class=\"ts-client-box-hover-img\"><img decoding=\"async\" src=\"https:\/\/www.optique-schanen.lu\/wp-content\/uploads\/2023\/02\/minadi-1.png\" alt=\"Optique Schanen\" \/><\/div><\/div>\r\n<\/div><!-- .ts-client-logo-box-w --> <\/div><div class=\"ts-box-col-wrapper col-lg-20percent col-sm-4 col-md-4 col-xs-12 \"><div class=\"ts-client-logo-box-w\">\r\n<div class=\"themestek-box themestek-box-client ts-clientbox-style-1 themestek-box-view-style1 themestek-client-box-view-style1  themestek-clientbox-hover-exists \">\r\n\t\r\n\t\t<span class=\"themestek-item-thumbnail\">\r\n\t\t\t<span class=\"themestek-item-thumbnail-inner\">\r\n\t\t\t\t<img loading=\"lazy\" decoding=\"async\" width=\"639\" height=\"170\" src=\"https:\/\/www.optique-schanen.lu\/wp-content\/uploads\/2026\/02\/Logo_Woodys_bw.png\" class=\"attachment-full size-full wp-post-image\" alt=\"Logo Woodys\" \/>\r\n\t\t\t<\/span>\r\n\t\t<\/span>\t<div class=\"ts-client-box-hover-img\"><img decoding=\"async\" src=\"https:\/\/www.optique-schanen.lu\/wp-content\/uploads\/2026\/02\/Logo_Woodys_bw.png\" alt=\"Optique Schanen\" \/><\/div><\/div>\r\n<\/div><!-- .ts-client-logo-box-w --> <\/div>\r\n\t\t\t<\/div>\r\n\t\t<\/div><!-- .themestek-boxes-inner -->   <\/div><!-- .themestek-boxes -->  [\/vc_column][\/vc_row][vc_row][vc_column][vc_empty_space height=&#8220;50px&#8220;][\/vc_column][\/vc_row]<\/p>\n<\/div>","protected":false},"excerpt":{"rendered":"<p>[vc_row el_class=&#8220;custom-heading&#8220;][vc_column][vc_raw_html css=&#8220;&#8220; el_class=&#8220;header-text&#8220;]JTNDaDElM0VEaWVuc3RsZWlzdHVuZ2VuJTNDJTJGaDElM0UlMEElM0NoMiUzRSUyME9QVElRVUUlMjBTQ0hBTkVOJTNDJTJGaDIlM0U=[\/vc_raw_html][\/vc_column][\/vc_row][vc_row][vc_column][\/vc_column][\/vc_row][vc_row][vc_column][vc_raw_html css=&#8220;&#8220;]JTVCc21hcnRzbGlkZXIzJTIwc2xpZGVyJTNEJTIyMiUyMiU1RA==[\/vc_raw_html][\/vc_column][\/vc_row][vc_row disable_element=&#8220;yes&#8220;][vc_column][\/vc_column][\/vc_row][vc_row][vc_column][vc_empty_space height=&#8220;50px&#8220;][\/vc_column][\/vc_row]<\/p>\n","protected":false},"author":4,"featured_media":0,"parent":0,"menu_order":14,"comment_status":"closed","ping_status":"closed","template":"","meta":{"footnotes":""},"class_list":["post-4078","page","type-page","status-publish","hentry"],"yoast_head":"<!-- This site is optimized with the Yoast SEO plugin v28.3 - https:\/\/yoast.com\/product\/yoast-seo-wordpress\/ -->\n<title>Dienstleistungen im Augenoptikergesch\u00e4ft - Optique Schanen<\/title>\n<meta name=\"description\" content=\"Profitieren Sie von professioneller Kontaktlinsenanpassung, Pr\u00e4zisionsbrillengl\u00e4sern, Sehkraftbestimmung, I-Profiler\u00ae Sehanalyse, und mehr.\" \/>\n<meta name=\"robots\" content=\"index, follow, max-snippet:-1, max-image-preview:large, max-video-preview:-1\" \/>\n<link rel=\"canonical\" href=\"https:\/\/www.optique-schanen.lu\/de\/dienstleistungen\/\" \/>\n<meta property=\"og:locale\" content=\"de_DE\" \/>\n<meta property=\"og:type\" content=\"article\" \/>\n<meta property=\"og:title\" content=\"Dienstleistungen im Augenoptikergesch\u00e4ft - Optique Schanen\" \/>\n<meta property=\"og:description\" content=\"Profitieren Sie von professioneller Kontaktlinsenanpassung, Pr\u00e4zisionsbrillengl\u00e4sern, Sehkraftbestimmung, I-Profiler\u00ae Sehanalyse, und mehr.\" \/>\n<meta property=\"og:url\" content=\"https:\/\/www.optique-schanen.lu\/de\/dienstleistungen\/\" \/>\n<meta property=\"og:site_name\" content=\"Optique Schanen\" \/>\n<meta property=\"article:publisher\" content=\"https:\/\/www.facebook.com\/people\/Optique-Schanen\/100063674795469\/\" \/>\n<meta property=\"article:modified_time\" content=\"2026-02-13T14:44:59+00:00\" \/>\n<meta property=\"og:image\" content=\"https:\/\/www.optique-schanen.lu\/wp-content\/uploads\/2023\/09\/seo.jpg\" \/>\n\t<meta property=\"og:image:width\" content=\"1512\" \/>\n\t<meta property=\"og:image:height\" content=\"1134\" \/>\n\t<meta property=\"og:image:type\" content=\"image\/jpeg\" \/>\n<meta name=\"twitter:card\" content=\"summary_large_image\" \/>\n<meta name=\"twitter:label1\" content=\"Gesch\u00e4tzte Lesezeit\" \/>\n\t<meta name=\"twitter:data1\" content=\"1\u00a0Minute\" \/>\n<script type=\"application\/ld+json\" class=\"yoast-schema-graph\">{\"@context\":\"https:\\\/\\\/schema.org\",\"@graph\":[{\"@type\":\"WebPage\",\"@id\":\"https:\\\/\\\/www.optique-schanen.lu\\\/de\\\/dienstleistungen\\\/\",\"url\":\"https:\\\/\\\/www.optique-schanen.lu\\\/de\\\/dienstleistungen\\\/\",\"name\":\"Dienstleistungen im Augenoptikergesch\u00e4ft - Optique Schanen\",\"isPartOf\":{\"@id\":\"https:\\\/\\\/www.optique-schanen.lu\\\/de\\\/#website\"},\"datePublished\":\"2018-04-27T10:37:55+00:00\",\"dateModified\":\"2026-02-13T14:44:59+00:00\",\"description\":\"Profitieren Sie von professioneller Kontaktlinsenanpassung, Pr\u00e4zisionsbrillengl\u00e4sern, Sehkraftbestimmung, I-Profiler\u00ae Sehanalyse, und mehr.\",\"breadcrumb\":{\"@id\":\"https:\\\/\\\/www.optique-schanen.lu\\\/de\\\/dienstleistungen\\\/#breadcrumb\"},\"inLanguage\":\"de\",\"potentialAction\":[{\"@type\":\"ReadAction\",\"target\":[\"https:\\\/\\\/www.optique-schanen.lu\\\/de\\\/dienstleistungen\\\/\"]}]},{\"@type\":\"BreadcrumbList\",\"@id\":\"https:\\\/\\\/www.optique-schanen.lu\\\/de\\\/dienstleistungen\\\/#breadcrumb\",\"itemListElement\":[{\"@type\":\"ListItem\",\"position\":1,\"name\":\"Startseite\",\"item\":\"https:\\\/\\\/www.optique-schanen.lu\\\/de\\\/\"},{\"@type\":\"ListItem\",\"position\":2,\"name\":\"Dienstleistungen\"}]},{\"@type\":\"WebSite\",\"@id\":\"https:\\\/\\\/www.optique-schanen.lu\\\/de\\\/#website\",\"url\":\"https:\\\/\\\/www.optique-schanen.lu\\\/de\\\/\",\"name\":\"Optique Schanen\",\"description\":\"Optique Schanen in Wasserbillig: Ihr freundlicher und kompetenter Optiker in Luxemburg. F\u00fcr klare Sicht und stilvolle Brillen. Besuchen Sie uns!\",\"publisher\":{\"@id\":\"https:\\\/\\\/www.optique-schanen.lu\\\/de\\\/#organization\"},\"potentialAction\":[{\"@type\":\"SearchAction\",\"target\":{\"@type\":\"EntryPoint\",\"urlTemplate\":\"https:\\\/\\\/www.optique-schanen.lu\\\/de\\\/?s={search_term_string}\"},\"query-input\":{\"@type\":\"PropertyValueSpecification\",\"valueRequired\":true,\"valueName\":\"search_term_string\"}}],\"inLanguage\":\"de\"},{\"@type\":\"Organization\",\"@id\":\"https:\\\/\\\/www.optique-schanen.lu\\\/de\\\/#organization\",\"name\":\"Optique Schanen\",\"url\":\"https:\\\/\\\/www.optique-schanen.lu\\\/de\\\/\",\"logo\":{\"@type\":\"ImageObject\",\"inLanguage\":\"de\",\"@id\":\"https:\\\/\\\/www.optique-schanen.lu\\\/de\\\/#\\\/schema\\\/logo\\\/image\\\/\",\"url\":\"https:\\\/\\\/www.optique-schanen.lu\\\/wp-content\\\/uploads\\\/2023\\\/09\\\/seo.jpg\",\"contentUrl\":\"https:\\\/\\\/www.optique-schanen.lu\\\/wp-content\\\/uploads\\\/2023\\\/09\\\/seo.jpg\",\"width\":1512,\"height\":1134,\"caption\":\"Optique Schanen\"},\"image\":{\"@id\":\"https:\\\/\\\/www.optique-schanen.lu\\\/de\\\/#\\\/schema\\\/logo\\\/image\\\/\"},\"sameAs\":[\"https:\\\/\\\/www.facebook.com\\\/people\\\/Optique-Schanen\\\/100063674795469\\\/\",\"https:\\\/\\\/www.instagram.com\\\/optiqueschanen\\\/\"]}]}<\/script>\n<!-- \/ Yoast SEO plugin. -->","yoast_head_json":{"title":"Dienstleistungen im Augenoptikergesch\u00e4ft - Optique Schanen","description":"Profitieren Sie von professioneller Kontaktlinsenanpassung, Pr\u00e4zisionsbrillengl\u00e4sern, Sehkraftbestimmung, I-Profiler\u00ae Sehanalyse, und mehr.","robots":{"index":"index","follow":"follow","max-snippet":"max-snippet:-1","max-image-preview":"max-image-preview:large","max-video-preview":"max-video-preview:-1"},"canonical":"https:\/\/www.optique-schanen.lu\/de\/dienstleistungen\/","og_locale":"de_DE","og_type":"article","og_title":"Dienstleistungen im Augenoptikergesch\u00e4ft - Optique Schanen","og_description":"Profitieren Sie von professioneller Kontaktlinsenanpassung, Pr\u00e4zisionsbrillengl\u00e4sern, Sehkraftbestimmung, I-Profiler\u00ae Sehanalyse, und mehr.","og_url":"https:\/\/www.optique-schanen.lu\/de\/dienstleistungen\/","og_site_name":"Optique Schanen","article_publisher":"https:\/\/www.facebook.com\/people\/Optique-Schanen\/100063674795469\/","article_modified_time":"2026-02-13T14:44:59+00:00","og_image":[{"width":1512,"height":1134,"url":"https:\/\/www.optique-schanen.lu\/wp-content\/uploads\/2023\/09\/seo.jpg","type":"image\/jpeg"}],"twitter_card":"summary_large_image","twitter_misc":{"Gesch\u00e4tzte Lesezeit":"1\u00a0Minute"},"schema":{"@context":"https:\/\/schema.org","@graph":[{"@type":"WebPage","@id":"https:\/\/www.optique-schanen.lu\/de\/dienstleistungen\/","url":"https:\/\/www.optique-schanen.lu\/de\/dienstleistungen\/","name":"Dienstleistungen im Augenoptikergesch\u00e4ft - Optique Schanen","isPartOf":{"@id":"https:\/\/www.optique-schanen.lu\/de\/#website"},"datePublished":"2018-04-27T10:37:55+00:00","dateModified":"2026-02-13T14:44:59+00:00","description":"Profitieren Sie von professioneller Kontaktlinsenanpassung, Pr\u00e4zisionsbrillengl\u00e4sern, Sehkraftbestimmung, I-Profiler\u00ae Sehanalyse, und mehr.","breadcrumb":{"@id":"https:\/\/www.optique-schanen.lu\/de\/dienstleistungen\/#breadcrumb"},"inLanguage":"de","potentialAction":[{"@type":"ReadAction","target":["https:\/\/www.optique-schanen.lu\/de\/dienstleistungen\/"]}]},{"@type":"BreadcrumbList","@id":"https:\/\/www.optique-schanen.lu\/de\/dienstleistungen\/#breadcrumb","itemListElement":[{"@type":"ListItem","position":1,"name":"Startseite","item":"https:\/\/www.optique-schanen.lu\/de\/"},{"@type":"ListItem","position":2,"name":"Dienstleistungen"}]},{"@type":"WebSite","@id":"https:\/\/www.optique-schanen.lu\/de\/#website","url":"https:\/\/www.optique-schanen.lu\/de\/","name":"Optique Schanen","description":"Optique Schanen in Wasserbillig: Ihr freundlicher und kompetenter Optiker in Luxemburg. F\u00fcr klare Sicht und stilvolle Brillen. Besuchen Sie uns!","publisher":{"@id":"https:\/\/www.optique-schanen.lu\/de\/#organization"},"potentialAction":[{"@type":"SearchAction","target":{"@type":"EntryPoint","urlTemplate":"https:\/\/www.optique-schanen.lu\/de\/?s={search_term_string}"},"query-input":{"@type":"PropertyValueSpecification","valueRequired":true,"valueName":"search_term_string"}}],"inLanguage":"de"},{"@type":"Organization","@id":"https:\/\/www.optique-schanen.lu\/de\/#organization","name":"Optique Schanen","url":"https:\/\/www.optique-schanen.lu\/de\/","logo":{"@type":"ImageObject","inLanguage":"de","@id":"https:\/\/www.optique-schanen.lu\/de\/#\/schema\/logo\/image\/","url":"https:\/\/www.optique-schanen.lu\/wp-content\/uploads\/2023\/09\/seo.jpg","contentUrl":"https:\/\/www.optique-schanen.lu\/wp-content\/uploads\/2023\/09\/seo.jpg","width":1512,"height":1134,"caption":"Optique Schanen"},"image":{"@id":"https:\/\/www.optique-schanen.lu\/de\/#\/schema\/logo\/image\/"},"sameAs":["https:\/\/www.facebook.com\/people\/Optique-Schanen\/100063674795469\/","https:\/\/www.instagram.com\/optiqueschanen\/"]}]}},"_links":{"self":[{"href":"https:\/\/www.optique-schanen.lu\/de\/wp-json\/wp\/v2\/pages\/4078","targetHints":{"allow":["GET"]}}],"collection":[{"href":"https:\/\/www.optique-schanen.lu\/de\/wp-json\/wp\/v2\/pages"}],"about":[{"href":"https:\/\/www.optique-schanen.lu\/de\/wp-json\/wp\/v2\/types\/page"}],"author":[{"embeddable":true,"href":"https:\/\/www.optique-schanen.lu\/de\/wp-json\/wp\/v2\/users\/4"}],"replies":[{"embeddable":true,"href":"https:\/\/www.optique-schanen.lu\/de\/wp-json\/wp\/v2\/comments?post=4078"}],"version-history":[{"count":6,"href":"https:\/\/www.optique-schanen.lu\/de\/wp-json\/wp\/v2\/pages\/4078\/revisions"}],"predecessor-version":[{"id":7773,"href":"https:\/\/www.optique-schanen.lu\/de\/wp-json\/wp\/v2\/pages\/4078\/revisions\/7773"}],"wp:attachment":[{"href":"https:\/\/www.optique-schanen.lu\/de\/wp-json\/wp\/v2\/media?parent=4078"}],"curies":[{"name":"wp","href":"https:\/\/api.w.org\/{rel}","templated":true}]}}